{"id":166842,"date":"2026-04-15T19:48:23","date_gmt":"2026-04-15T17:48:23","guid":{"rendered":"https:\/\/www.sounds.brussels\/?post_type=product&#038;p=166842"},"modified":"2026-04-15T19:50:49","modified_gmt":"2026-04-15T17:50:49","slug":"womufe-2","status":"publish","type":"product","link":"https:\/\/www.sounds.brussels\/fr\/jazz-concert\/womufe-2\/","title":{"rendered":"WOMUFE"},"content":{"rendered":"","protected":false},"excerpt":{"rendered":"<p>concert d&rsquo;ouverture:<br \/>\nMPLI<br \/>\nest une autrice-compositrice-interpr\u00e8te belge \u00e0 l\u2019univers pop francophone m\u00e9tiss\u00e9 et hybride. Nourrie par des influences culturelles multiples, elle fa\u00e7onne une musique sensible et incarn\u00e9e, o\u00f9 l\u2019intime rencontre des sonorit\u00e9s plurielles et une interpr\u00e9tation profond\u00e9ment sinc\u00e8re.<\/p>\n","protected":false},"author":13250,"featured_media":166852,"comment_status":"closed","ping_status":"closed","template":"","meta":{"_acf_changed":false},"product_brand":[],"product_cat":[355],"product_tag":[],"class_list":{"0":"post-166842","1":"product","2":"type-product","3":"status-publish","4":"has-post-thumbnail","6":"product_cat-live-music-resist","8":"first","9":"instock","10":"shipping-taxable","11":"purchasable","12":"product-type-variable","13":"has-default-attributes","14":"nyp-product"},"acf":[],"yoast_head":"<!-- This site is optimized with the Yoast SEO plugin v26.9 - https:\/\/yoast.com\/product\/yoast-seo-wordpress\/ -->\n<title>WOMUFE - Sounds Jazz Club<\/title>\n<meta name=\"robots\" content=\"index, follow, max-snippet:-1, max-image-preview:large, max-video-preview:-1\" \/>\n<link rel=\"canonical\" href=\"https:\/\/www.sounds.brussels\/fr\/jazz-concert\/womufe-2\/\" \/>\n<meta property=\"og:locale\" content=\"fr_FR\" \/>\n<meta property=\"og:type\" content=\"article\" \/>\n<meta property=\"og:title\" content=\"WOMUFE - Sounds Jazz Club\" \/>\n<meta property=\"og:description\" content=\"concert d&#039;ouverture: MPLI est une autrice-compositrice-interpr\u00e8te belge \u00e0 l\u2019univers pop francophone m\u00e9tiss\u00e9 et hybride. Nourrie par des influences culturelles multiples, elle fa\u00e7onne une musique sensible et incarn\u00e9e, o\u00f9 l\u2019intime rencontre des sonorit\u00e9s plurielles et une interpr\u00e9tation profond\u00e9ment sinc\u00e8re.\" \/>\n<meta property=\"og:url\" content=\"https:\/\/www.sounds.brussels\/fr\/jazz-concert\/womufe-2\/\" \/>\n<meta property=\"og:site_name\" content=\"Sounds Jazz Club\" \/>\n<meta property=\"article:modified_time\" content=\"2026-04-15T17:50:49+00:00\" \/>\n<meta property=\"og:image\" content=\"https:\/\/www.sounds.brussels\/wp-content\/uploads\/2026\/04\/Capture-decran-2026-04-15-a-19.50.00-684x1024.png\" \/>\n\t<meta property=\"og:image:width\" content=\"684\" \/>\n\t<meta property=\"og:image:height\" content=\"1024\" \/>\n\t<meta property=\"og:image:type\" content=\"image\/png\" \/>\n<meta name=\"twitter:card\" content=\"summary_large_image\" \/>\n<meta name=\"twitter:label1\" content=\"Dur\u00e9e de lecture estim\u00e9e\" \/>\n\t<meta name=\"twitter:data1\" content=\"1 minute\" \/>\n<script type=\"application\/ld+json\" class=\"yoast-schema-graph\">{\"@context\":\"https:\/\/schema.org\",\"@graph\":[{\"@type\":\"WebPage\",\"@id\":\"https:\/\/www.sounds.brussels\/fr\/jazz-concert\/womufe-2\/\",\"url\":\"https:\/\/www.sounds.brussels\/fr\/jazz-concert\/womufe-2\/\",\"name\":\"WOMUFE - Sounds Jazz Club\",\"isPartOf\":{\"@id\":\"https:\/\/www.sounds.brussels\/fr\/#website\"},\"primaryImageOfPage\":{\"@id\":\"https:\/\/www.sounds.brussels\/fr\/jazz-concert\/womufe-2\/#primaryimage\"},\"image\":{\"@id\":\"https:\/\/www.sounds.brussels\/fr\/jazz-concert\/womufe-2\/#primaryimage\"},\"thumbnailUrl\":\"https:\/\/www.sounds.brussels\/wp-content\/uploads\/2026\/04\/Capture-decran-2026-04-15-a-19.50.00.png\",\"datePublished\":\"2026-04-15T17:48:23+00:00\",\"dateModified\":\"2026-04-15T17:50:49+00:00\",\"breadcrumb\":{\"@id\":\"https:\/\/www.sounds.brussels\/fr\/jazz-concert\/womufe-2\/#breadcrumb\"},\"inLanguage\":\"fr-FR\",\"potentialAction\":[{\"@type\":\"ReadAction\",\"target\":[\"https:\/\/www.sounds.brussels\/fr\/jazz-concert\/womufe-2\/\"]}]},{\"@type\":\"ImageObject\",\"inLanguage\":\"fr-FR\",\"@id\":\"https:\/\/www.sounds.brussels\/fr\/jazz-concert\/womufe-2\/#primaryimage\",\"url\":\"https:\/\/www.sounds.brussels\/wp-content\/uploads\/2026\/04\/Capture-decran-2026-04-15-a-19.50.00.png\",\"contentUrl\":\"https:\/\/www.sounds.brussels\/wp-content\/uploads\/2026\/04\/Capture-decran-2026-04-15-a-19.50.00.png\",\"width\":990,\"height\":1482},{\"@type\":\"BreadcrumbList\",\"@id\":\"https:\/\/www.sounds.brussels\/fr\/jazz-concert\/womufe-2\/#breadcrumb\",\"itemListElement\":[{\"@type\":\"ListItem\",\"position\":1,\"name\":\"Accueil\",\"item\":\"https:\/\/www.sounds.brussels\/fr\/\"},{\"@type\":\"ListItem\",\"position\":2,\"name\":\"Produits\",\"item\":\"https:\/\/www.sounds.brussels\/fr\/shop\/\"},{\"@type\":\"ListItem\",\"position\":3,\"name\":\"WOMUFE\"}]},{\"@type\":\"WebSite\",\"@id\":\"https:\/\/www.sounds.brussels\/fr\/#website\",\"url\":\"https:\/\/www.sounds.brussels\/fr\/\",\"name\":\"Sounds Jazz Club\",\"description\":\"\",\"publisher\":{\"@id\":\"https:\/\/www.sounds.brussels\/fr\/#organization\"},\"potentialAction\":[{\"@type\":\"SearchAction\",\"target\":{\"@type\":\"EntryPoint\",\"urlTemplate\":\"https:\/\/www.sounds.brussels\/fr\/?s={search_term_string}\"},\"query-input\":{\"@type\":\"PropertyValueSpecification\",\"valueRequired\":true,\"valueName\":\"search_term_string\"}}],\"inLanguage\":\"fr-FR\"},{\"@type\":\"Organization\",\"@id\":\"https:\/\/www.sounds.brussels\/fr\/#organization\",\"name\":\"Sounds Jazz Club\",\"url\":\"https:\/\/www.sounds.brussels\/fr\/\",\"logo\":{\"@type\":\"ImageObject\",\"inLanguage\":\"fr-FR\",\"@id\":\"https:\/\/www.sounds.brussels\/fr\/#\/schema\/logo\/image\/\",\"url\":\"https:\/\/www.sounds.brussels\/wp-content\/uploads\/2023\/09\/logo-sounds-BlackRed-RGB-scaled.jpg\",\"contentUrl\":\"https:\/\/www.sounds.brussels\/wp-content\/uploads\/2023\/09\/logo-sounds-BlackRed-RGB-scaled.jpg\",\"width\":2048,\"height\":1428,\"caption\":\"Sounds Jazz Club\"},\"image\":{\"@id\":\"https:\/\/www.sounds.brussels\/fr\/#\/schema\/logo\/image\/\"}}]}<\/script>\n<!-- \/ Yoast SEO plugin. -->","yoast_head_json":{"title":"WOMUFE - Sounds Jazz Club","robots":{"index":"index","follow":"follow","max-snippet":"max-snippet:-1","max-image-preview":"max-image-preview:large","max-video-preview":"max-video-preview:-1"},"canonical":"https:\/\/www.sounds.brussels\/fr\/jazz-concert\/womufe-2\/","og_locale":"fr_FR","og_type":"article","og_title":"WOMUFE - Sounds Jazz Club","og_description":"concert d'ouverture: MPLI est une autrice-compositrice-interpr\u00e8te belge \u00e0 l\u2019univers pop francophone m\u00e9tiss\u00e9 et hybride. Nourrie par des influences culturelles multiples, elle fa\u00e7onne une musique sensible et incarn\u00e9e, o\u00f9 l\u2019intime rencontre des sonorit\u00e9s plurielles et une interpr\u00e9tation profond\u00e9ment sinc\u00e8re.","og_url":"https:\/\/www.sounds.brussels\/fr\/jazz-concert\/womufe-2\/","og_site_name":"Sounds Jazz Club","article_modified_time":"2026-04-15T17:50:49+00:00","og_image":[{"width":684,"height":1024,"url":"https:\/\/www.sounds.brussels\/wp-content\/uploads\/2026\/04\/Capture-decran-2026-04-15-a-19.50.00-684x1024.png","type":"image\/png"}],"twitter_card":"summary_large_image","twitter_misc":{"Dur\u00e9e de lecture estim\u00e9e":"1 minute"},"schema":{"@context":"https:\/\/schema.org","@graph":[{"@type":"WebPage","@id":"https:\/\/www.sounds.brussels\/fr\/jazz-concert\/womufe-2\/","url":"https:\/\/www.sounds.brussels\/fr\/jazz-concert\/womufe-2\/","name":"WOMUFE - Sounds Jazz Club","isPartOf":{"@id":"https:\/\/www.sounds.brussels\/fr\/#website"},"primaryImageOfPage":{"@id":"https:\/\/www.sounds.brussels\/fr\/jazz-concert\/womufe-2\/#primaryimage"},"image":{"@id":"https:\/\/www.sounds.brussels\/fr\/jazz-concert\/womufe-2\/#primaryimage"},"thumbnailUrl":"https:\/\/www.sounds.brussels\/wp-content\/uploads\/2026\/04\/Capture-decran-2026-04-15-a-19.50.00.png","datePublished":"2026-04-15T17:48:23+00:00","dateModified":"2026-04-15T17:50:49+00:00","breadcrumb":{"@id":"https:\/\/www.sounds.brussels\/fr\/jazz-concert\/womufe-2\/#breadcrumb"},"inLanguage":"fr-FR","potentialAction":[{"@type":"ReadAction","target":["https:\/\/www.sounds.brussels\/fr\/jazz-concert\/womufe-2\/"]}]},{"@type":"ImageObject","inLanguage":"fr-FR","@id":"https:\/\/www.sounds.brussels\/fr\/jazz-concert\/womufe-2\/#primaryimage","url":"https:\/\/www.sounds.brussels\/wp-content\/uploads\/2026\/04\/Capture-decran-2026-04-15-a-19.50.00.png","contentUrl":"https:\/\/www.sounds.brussels\/wp-content\/uploads\/2026\/04\/Capture-decran-2026-04-15-a-19.50.00.png","width":990,"height":1482},{"@type":"BreadcrumbList","@id":"https:\/\/www.sounds.brussels\/fr\/jazz-concert\/womufe-2\/#breadcrumb","itemListElement":[{"@type":"ListItem","position":1,"name":"Accueil","item":"https:\/\/www.sounds.brussels\/fr\/"},{"@type":"ListItem","position":2,"name":"Produits","item":"https:\/\/www.sounds.brussels\/fr\/shop\/"},{"@type":"ListItem","position":3,"name":"WOMUFE"}]},{"@type":"WebSite","@id":"https:\/\/www.sounds.brussels\/fr\/#website","url":"https:\/\/www.sounds.brussels\/fr\/","name":"Sounds Jazz Club","description":"","publisher":{"@id":"https:\/\/www.sounds.brussels\/fr\/#organization"},"potentialAction":[{"@type":"SearchAction","target":{"@type":"EntryPoint","urlTemplate":"https:\/\/www.sounds.brussels\/fr\/?s={search_term_string}"},"query-input":{"@type":"PropertyValueSpecification","valueRequired":true,"valueName":"search_term_string"}}],"inLanguage":"fr-FR"},{"@type":"Organization","@id":"https:\/\/www.sounds.brussels\/fr\/#organization","name":"Sounds Jazz Club","url":"https:\/\/www.sounds.brussels\/fr\/","logo":{"@type":"ImageObject","inLanguage":"fr-FR","@id":"https:\/\/www.sounds.brussels\/fr\/#\/schema\/logo\/image\/","url":"https:\/\/www.sounds.brussels\/wp-content\/uploads\/2023\/09\/logo-sounds-BlackRed-RGB-scaled.jpg","contentUrl":"https:\/\/www.sounds.brussels\/wp-content\/uploads\/2023\/09\/logo-sounds-BlackRed-RGB-scaled.jpg","width":2048,"height":1428,"caption":"Sounds Jazz Club"},"image":{"@id":"https:\/\/www.sounds.brussels\/fr\/#\/schema\/logo\/image\/"}}]}},"_links":{"self":[{"href":"https:\/\/www.sounds.brussels\/fr\/wp-json\/wp\/v2\/product\/166842","targetHints":{"allow":["GET"]}}],"collection":[{"href":"https:\/\/www.sounds.brussels\/fr\/wp-json\/wp\/v2\/product"}],"about":[{"href":"https:\/\/www.sounds.brussels\/fr\/wp-json\/wp\/v2\/types\/product"}],"author":[{"embeddable":true,"href":"https:\/\/www.sounds.brussels\/fr\/wp-json\/wp\/v2\/users\/13250"}],"replies":[{"embeddable":true,"href":"https:\/\/www.sounds.brussels\/fr\/wp-json\/wp\/v2\/comments?post=166842"}],"wp:featuredmedia":[{"embeddable":true,"href":"https:\/\/www.sounds.brussels\/fr\/wp-json\/wp\/v2\/media\/166852"}],"wp:attachment":[{"href":"https:\/\/www.sounds.brussels\/fr\/wp-json\/wp\/v2\/media?parent=166842"}],"wp:term":[{"taxonomy":"product_brand","embeddable":true,"href":"https:\/\/www.sounds.brussels\/fr\/wp-json\/wp\/v2\/product_brand?post=166842"},{"taxonomy":"product_cat","embeddable":true,"href":"https:\/\/www.sounds.brussels\/fr\/wp-json\/wp\/v2\/product_cat?post=166842"},{"taxonomy":"product_tag","embeddable":true,"href":"https:\/\/www.sounds.brussels\/fr\/wp-json\/wp\/v2\/product_tag?post=166842"}],"curies":[{"name":"wp","href":"https:\/\/api.w.org\/{rel}","templated":true}]}}