{"id":146707,"date":"2025-04-08T15:34:28","date_gmt":"2025-04-08T13:34:28","guid":{"rendered":"https:\/\/www.sounds.brussels\/?post_type=product&#038;p=146707"},"modified":"2025-04-22T22:17:11","modified_gmt":"2025-04-22T20:17:11","slug":"soirees-chantal-2","status":"publish","type":"product","link":"https:\/\/www.sounds.brussels\/fr\/jazz-concert\/soirees-chantal-2\/","title":{"rendered":"SOIR\u00c9ES CHANTAL #2"},"content":{"rendered":"","protected":false},"excerpt":{"rendered":"<p>Isma\u00ebl Metis est po\u00e8te hip hop. Berc\u00e9 trop pr\u00e8s du mur du son, entre rap, cha\u00e2bi et chanson fran\u00e7aise, sa musique fait bouger la t\u00eate et ce qu\u2019il y a dedans.<br \/>\ninktr.ee\/ismaelmetis<\/p>\n<p>Sur le fil de la po\u00e9sie, B\u00e9n\u00e9dicte Mar\u00e9chal tisse des liens entre l&rsquo;intime et l&rsquo;universel. Des ambiances cousues de tendresse sur lesquelles elle brode ses mots tant\u00f4t parl\u00e9s ou chant\u00e9s. Un livre illustr\u00e9 \u00ab\u00a0Le Fil\u00a0\u00bb rassemble ses textes.<br \/>\nbenedicte-marechal.com\/chanson<\/p>\n<p>Les griffes plant\u00e9es dans le sol, Grande Ourse propose une chanson fran\u00e7aise aussi souriante qu\u2019\u00e9l\u00e9gante avec juste ce qu\u2019il faut d\u2019impertinence. Depuis 2015, Juliette et Lionel \u00e9crivent et chantent les relations humaines, les situations douces-am\u00e8res de l\u2019existence et l\u2019engagement po\u00e9tique.<br \/>\ngrandeourse.be<\/p>\n<p>Ma\u00efa Chauvier est po\u00e9tesse, slameuse, \u00e0 la voix, elle pr\u00e9sentera un extrait du spectacle Tentative Tornade, en cours de cr\u00e9ation avec Jonathan De Neck, composant \u00e0 l&rsquo;accord\u00e9on tout l&rsquo;univers du spectacle. \u00ab\u00a0De cette \u00e9poque et mille d\u00e9sirs de printemps renvers\u00e9s \u00e0 venir\u00a0\u00bb.<br \/>\nmaia-chauvier.be<\/p>\n<p>Autrice, compositrice et interpre\u0300te d&rsquo;une pop folk franc\u0327aise, avec un timbre de voix qui vous accroche dans un bain de douceur, Lilee pose des mots parfois incisifs dans des e\u0301crins de velours pour vous les offrir sur des m\u00e9lodies l\u00e9g\u00e8res.<br \/>\nlilee.be<\/p>\n","protected":false},"author":8382,"featured_media":146712,"comment_status":"closed","ping_status":"closed","template":"","meta":{"_acf_changed":false},"product_brand":[],"product_cat":[157],"product_tag":[],"class_list":{"0":"post-146707","1":"product","2":"type-product","3":"status-publish","4":"has-post-thumbnail","6":"product_cat-archived","8":"first","9":"instock","10":"virtual","11":"product-type-simple"},"acf":[],"yoast_head":"<!-- This site is optimized with the Yoast SEO plugin v26.9 - https:\/\/yoast.com\/product\/yoast-seo-wordpress\/ -->\n<title>SOIR\u00c9ES CHANTAL #2 - Sounds Jazz Club<\/title>\n<meta name=\"robots\" content=\"index, follow, max-snippet:-1, max-image-preview:large, max-video-preview:-1\" \/>\n<link rel=\"canonical\" href=\"https:\/\/www.sounds.brussels\/fr\/jazz-concert\/soirees-chantal-2\/\" \/>\n<meta property=\"og:locale\" content=\"fr_FR\" \/>\n<meta property=\"og:type\" content=\"article\" \/>\n<meta property=\"og:title\" content=\"SOIR\u00c9ES CHANTAL #2 - Sounds Jazz Club\" \/>\n<meta property=\"og:description\" content=\"Isma\u00ebl Metis est po\u00e8te hip hop. Berc\u00e9 trop pr\u00e8s du mur du son, entre rap, cha\u00e2bi et chanson fran\u00e7aise, sa musique fait bouger la t\u00eate et ce qu\u2019il y a dedans. inktr.ee\/ismaelmetis Sur le fil de la po\u00e9sie, B\u00e9n\u00e9dicte Mar\u00e9chal tisse des liens entre l&#039;intime et l&#039;universel. Des ambiances cousues de tendresse sur lesquelles elle brode ses mots tant\u00f4t parl\u00e9s ou chant\u00e9s. Un livre illustr\u00e9 &quot;Le Fil&quot; rassemble ses textes. benedicte-marechal.com\/chanson Les griffes plant\u00e9es dans le sol, Grande Ourse propose une chanson fran\u00e7aise aussi souriante qu\u2019\u00e9l\u00e9gante avec juste ce qu\u2019il faut d\u2019impertinence. Depuis 2015, Juliette et Lionel \u00e9crivent et chantent les relations humaines, les situations douces-am\u00e8res de l\u2019existence et l\u2019engagement po\u00e9tique. grandeourse.be Ma\u00efa Chauvier est po\u00e9tesse, slameuse, \u00e0 la voix, elle pr\u00e9sentera un extrait du spectacle Tentative Tornade, en cours de cr\u00e9ation avec Jonathan De Neck, composant \u00e0 l&#039;accord\u00e9on tout l&#039;univers du spectacle. &quot;De cette \u00e9poque et mille d\u00e9sirs de printemps renvers\u00e9s \u00e0 venir&quot;. maia-chauvier.be Autrice, compositrice et interpre\u0300te d&#039;une pop folk franc\u0327aise, avec un timbre de voix qui vous accroche dans un bain de douceur, Lilee pose des mots parfois incisifs dans des e\u0301crins de velours pour vous les offrir sur des m\u00e9lodies l\u00e9g\u00e8res. lilee.be\" \/>\n<meta property=\"og:url\" content=\"https:\/\/www.sounds.brussels\/fr\/jazz-concert\/soirees-chantal-2\/\" \/>\n<meta property=\"og:site_name\" content=\"Sounds Jazz Club\" \/>\n<meta property=\"article:modified_time\" content=\"2025-04-22T20:17:11+00:00\" \/>\n<meta property=\"og:image\" content=\"https:\/\/www.sounds.brussels\/wp-content\/uploads\/2025\/04\/20250512-Soiree-Chantal-visuel-Facebook-1024x858.png\" \/>\n\t<meta property=\"og:image:width\" content=\"1024\" \/>\n\t<meta property=\"og:image:height\" content=\"858\" \/>\n\t<meta property=\"og:image:type\" content=\"image\/png\" \/>\n<meta name=\"twitter:card\" content=\"summary_large_image\" \/>\n<meta name=\"twitter:label1\" content=\"Dur\u00e9e de lecture estim\u00e9e\" \/>\n\t<meta name=\"twitter:data1\" content=\"1 minute\" \/>\n<script type=\"application\/ld+json\" class=\"yoast-schema-graph\">{\"@context\":\"https:\/\/schema.org\",\"@graph\":[{\"@type\":\"WebPage\",\"@id\":\"https:\/\/www.sounds.brussels\/fr\/jazz-concert\/soirees-chantal-2\/\",\"url\":\"https:\/\/www.sounds.brussels\/fr\/jazz-concert\/soirees-chantal-2\/\",\"name\":\"SOIR\u00c9ES CHANTAL #2 - Sounds Jazz Club\",\"isPartOf\":{\"@id\":\"https:\/\/www.sounds.brussels\/fr\/#website\"},\"primaryImageOfPage\":{\"@id\":\"https:\/\/www.sounds.brussels\/fr\/jazz-concert\/soirees-chantal-2\/#primaryimage\"},\"image\":{\"@id\":\"https:\/\/www.sounds.brussels\/fr\/jazz-concert\/soirees-chantal-2\/#primaryimage\"},\"thumbnailUrl\":\"https:\/\/www.sounds.brussels\/wp-content\/uploads\/2025\/04\/20250512-Soiree-Chantal-visuel-Facebook.png\",\"datePublished\":\"2025-04-08T13:34:28+00:00\",\"dateModified\":\"2025-04-22T20:17:11+00:00\",\"breadcrumb\":{\"@id\":\"https:\/\/www.sounds.brussels\/fr\/jazz-concert\/soirees-chantal-2\/#breadcrumb\"},\"inLanguage\":\"fr-FR\",\"potentialAction\":[{\"@type\":\"ReadAction\",\"target\":[\"https:\/\/www.sounds.brussels\/fr\/jazz-concert\/soirees-chantal-2\/\"]}]},{\"@type\":\"ImageObject\",\"inLanguage\":\"fr-FR\",\"@id\":\"https:\/\/www.sounds.brussels\/fr\/jazz-concert\/soirees-chantal-2\/#primaryimage\",\"url\":\"https:\/\/www.sounds.brussels\/wp-content\/uploads\/2025\/04\/20250512-Soiree-Chantal-visuel-Facebook.png\",\"contentUrl\":\"https:\/\/www.sounds.brussels\/wp-content\/uploads\/2025\/04\/20250512-Soiree-Chantal-visuel-Facebook.png\",\"width\":1880,\"height\":1576},{\"@type\":\"BreadcrumbList\",\"@id\":\"https:\/\/www.sounds.brussels\/fr\/jazz-concert\/soirees-chantal-2\/#breadcrumb\",\"itemListElement\":[{\"@type\":\"ListItem\",\"position\":1,\"name\":\"Accueil\",\"item\":\"https:\/\/www.sounds.brussels\/fr\/\"},{\"@type\":\"ListItem\",\"position\":2,\"name\":\"Produits\",\"item\":\"https:\/\/www.sounds.brussels\/fr\/shop\/\"},{\"@type\":\"ListItem\",\"position\":3,\"name\":\"SOIR\u00c9ES CHANTAL #2\"}]},{\"@type\":\"WebSite\",\"@id\":\"https:\/\/www.sounds.brussels\/fr\/#website\",\"url\":\"https:\/\/www.sounds.brussels\/fr\/\",\"name\":\"Sounds Jazz Club\",\"description\":\"\",\"publisher\":{\"@id\":\"https:\/\/www.sounds.brussels\/fr\/#organization\"},\"potentialAction\":[{\"@type\":\"SearchAction\",\"target\":{\"@type\":\"EntryPoint\",\"urlTemplate\":\"https:\/\/www.sounds.brussels\/fr\/?s={search_term_string}\"},\"query-input\":{\"@type\":\"PropertyValueSpecification\",\"valueRequired\":true,\"valueName\":\"search_term_string\"}}],\"inLanguage\":\"fr-FR\"},{\"@type\":\"Organization\",\"@id\":\"https:\/\/www.sounds.brussels\/fr\/#organization\",\"name\":\"Sounds Jazz Club\",\"url\":\"https:\/\/www.sounds.brussels\/fr\/\",\"logo\":{\"@type\":\"ImageObject\",\"inLanguage\":\"fr-FR\",\"@id\":\"https:\/\/www.sounds.brussels\/fr\/#\/schema\/logo\/image\/\",\"url\":\"https:\/\/www.sounds.brussels\/wp-content\/uploads\/2023\/09\/logo-sounds-BlackRed-RGB-scaled.jpg\",\"contentUrl\":\"https:\/\/www.sounds.brussels\/wp-content\/uploads\/2023\/09\/logo-sounds-BlackRed-RGB-scaled.jpg\",\"width\":2048,\"height\":1428,\"caption\":\"Sounds Jazz Club\"},\"image\":{\"@id\":\"https:\/\/www.sounds.brussels\/fr\/#\/schema\/logo\/image\/\"}}]}<\/script>\n<!-- \/ Yoast SEO plugin. -->","yoast_head_json":{"title":"SOIR\u00c9ES CHANTAL #2 - Sounds Jazz Club","robots":{"index":"index","follow":"follow","max-snippet":"max-snippet:-1","max-image-preview":"max-image-preview:large","max-video-preview":"max-video-preview:-1"},"canonical":"https:\/\/www.sounds.brussels\/fr\/jazz-concert\/soirees-chantal-2\/","og_locale":"fr_FR","og_type":"article","og_title":"SOIR\u00c9ES CHANTAL #2 - Sounds Jazz Club","og_description":"Isma\u00ebl Metis est po\u00e8te hip hop. Berc\u00e9 trop pr\u00e8s du mur du son, entre rap, cha\u00e2bi et chanson fran\u00e7aise, sa musique fait bouger la t\u00eate et ce qu\u2019il y a dedans. inktr.ee\/ismaelmetis Sur le fil de la po\u00e9sie, B\u00e9n\u00e9dicte Mar\u00e9chal tisse des liens entre l'intime et l'universel. Des ambiances cousues de tendresse sur lesquelles elle brode ses mots tant\u00f4t parl\u00e9s ou chant\u00e9s. Un livre illustr\u00e9 \"Le Fil\" rassemble ses textes. benedicte-marechal.com\/chanson Les griffes plant\u00e9es dans le sol, Grande Ourse propose une chanson fran\u00e7aise aussi souriante qu\u2019\u00e9l\u00e9gante avec juste ce qu\u2019il faut d\u2019impertinence. Depuis 2015, Juliette et Lionel \u00e9crivent et chantent les relations humaines, les situations douces-am\u00e8res de l\u2019existence et l\u2019engagement po\u00e9tique. grandeourse.be Ma\u00efa Chauvier est po\u00e9tesse, slameuse, \u00e0 la voix, elle pr\u00e9sentera un extrait du spectacle Tentative Tornade, en cours de cr\u00e9ation avec Jonathan De Neck, composant \u00e0 l'accord\u00e9on tout l'univers du spectacle. \"De cette \u00e9poque et mille d\u00e9sirs de printemps renvers\u00e9s \u00e0 venir\". maia-chauvier.be Autrice, compositrice et interpre\u0300te d'une pop folk franc\u0327aise, avec un timbre de voix qui vous accroche dans un bain de douceur, Lilee pose des mots parfois incisifs dans des e\u0301crins de velours pour vous les offrir sur des m\u00e9lodies l\u00e9g\u00e8res. lilee.be","og_url":"https:\/\/www.sounds.brussels\/fr\/jazz-concert\/soirees-chantal-2\/","og_site_name":"Sounds Jazz Club","article_modified_time":"2025-04-22T20:17:11+00:00","og_image":[{"width":1024,"height":858,"url":"https:\/\/www.sounds.brussels\/wp-content\/uploads\/2025\/04\/20250512-Soiree-Chantal-visuel-Facebook-1024x858.png","type":"image\/png"}],"twitter_card":"summary_large_image","twitter_misc":{"Dur\u00e9e de lecture estim\u00e9e":"1 minute"},"schema":{"@context":"https:\/\/schema.org","@graph":[{"@type":"WebPage","@id":"https:\/\/www.sounds.brussels\/fr\/jazz-concert\/soirees-chantal-2\/","url":"https:\/\/www.sounds.brussels\/fr\/jazz-concert\/soirees-chantal-2\/","name":"SOIR\u00c9ES CHANTAL #2 - Sounds Jazz Club","isPartOf":{"@id":"https:\/\/www.sounds.brussels\/fr\/#website"},"primaryImageOfPage":{"@id":"https:\/\/www.sounds.brussels\/fr\/jazz-concert\/soirees-chantal-2\/#primaryimage"},"image":{"@id":"https:\/\/www.sounds.brussels\/fr\/jazz-concert\/soirees-chantal-2\/#primaryimage"},"thumbnailUrl":"https:\/\/www.sounds.brussels\/wp-content\/uploads\/2025\/04\/20250512-Soiree-Chantal-visuel-Facebook.png","datePublished":"2025-04-08T13:34:28+00:00","dateModified":"2025-04-22T20:17:11+00:00","breadcrumb":{"@id":"https:\/\/www.sounds.brussels\/fr\/jazz-concert\/soirees-chantal-2\/#breadcrumb"},"inLanguage":"fr-FR","potentialAction":[{"@type":"ReadAction","target":["https:\/\/www.sounds.brussels\/fr\/jazz-concert\/soirees-chantal-2\/"]}]},{"@type":"ImageObject","inLanguage":"fr-FR","@id":"https:\/\/www.sounds.brussels\/fr\/jazz-concert\/soirees-chantal-2\/#primaryimage","url":"https:\/\/www.sounds.brussels\/wp-content\/uploads\/2025\/04\/20250512-Soiree-Chantal-visuel-Facebook.png","contentUrl":"https:\/\/www.sounds.brussels\/wp-content\/uploads\/2025\/04\/20250512-Soiree-Chantal-visuel-Facebook.png","width":1880,"height":1576},{"@type":"BreadcrumbList","@id":"https:\/\/www.sounds.brussels\/fr\/jazz-concert\/soirees-chantal-2\/#breadcrumb","itemListElement":[{"@type":"ListItem","position":1,"name":"Accueil","item":"https:\/\/www.sounds.brussels\/fr\/"},{"@type":"ListItem","position":2,"name":"Produits","item":"https:\/\/www.sounds.brussels\/fr\/shop\/"},{"@type":"ListItem","position":3,"name":"SOIR\u00c9ES CHANTAL #2"}]},{"@type":"WebSite","@id":"https:\/\/www.sounds.brussels\/fr\/#website","url":"https:\/\/www.sounds.brussels\/fr\/","name":"Sounds Jazz Club","description":"","publisher":{"@id":"https:\/\/www.sounds.brussels\/fr\/#organization"},"potentialAction":[{"@type":"SearchAction","target":{"@type":"EntryPoint","urlTemplate":"https:\/\/www.sounds.brussels\/fr\/?s={search_term_string}"},"query-input":{"@type":"PropertyValueSpecification","valueRequired":true,"valueName":"search_term_string"}}],"inLanguage":"fr-FR"},{"@type":"Organization","@id":"https:\/\/www.sounds.brussels\/fr\/#organization","name":"Sounds Jazz Club","url":"https:\/\/www.sounds.brussels\/fr\/","logo":{"@type":"ImageObject","inLanguage":"fr-FR","@id":"https:\/\/www.sounds.brussels\/fr\/#\/schema\/logo\/image\/","url":"https:\/\/www.sounds.brussels\/wp-content\/uploads\/2023\/09\/logo-sounds-BlackRed-RGB-scaled.jpg","contentUrl":"https:\/\/www.sounds.brussels\/wp-content\/uploads\/2023\/09\/logo-sounds-BlackRed-RGB-scaled.jpg","width":2048,"height":1428,"caption":"Sounds Jazz Club"},"image":{"@id":"https:\/\/www.sounds.brussels\/fr\/#\/schema\/logo\/image\/"}}]}},"_links":{"self":[{"href":"https:\/\/www.sounds.brussels\/fr\/wp-json\/wp\/v2\/product\/146707","targetHints":{"allow":["GET"]}}],"collection":[{"href":"https:\/\/www.sounds.brussels\/fr\/wp-json\/wp\/v2\/product"}],"about":[{"href":"https:\/\/www.sounds.brussels\/fr\/wp-json\/wp\/v2\/types\/product"}],"author":[{"embeddable":true,"href":"https:\/\/www.sounds.brussels\/fr\/wp-json\/wp\/v2\/users\/8382"}],"replies":[{"embeddable":true,"href":"https:\/\/www.sounds.brussels\/fr\/wp-json\/wp\/v2\/comments?post=146707"}],"wp:featuredmedia":[{"embeddable":true,"href":"https:\/\/www.sounds.brussels\/fr\/wp-json\/wp\/v2\/media\/146712"}],"wp:attachment":[{"href":"https:\/\/www.sounds.brussels\/fr\/wp-json\/wp\/v2\/media?parent=146707"}],"wp:term":[{"taxonomy":"product_brand","embeddable":true,"href":"https:\/\/www.sounds.brussels\/fr\/wp-json\/wp\/v2\/product_brand?post=146707"},{"taxonomy":"product_cat","embeddable":true,"href":"https:\/\/www.sounds.brussels\/fr\/wp-json\/wp\/v2\/product_cat?post=146707"},{"taxonomy":"product_tag","embeddable":true,"href":"https:\/\/www.sounds.brussels\/fr\/wp-json\/wp\/v2\/product_tag?post=146707"}],"curies":[{"name":"wp","href":"https:\/\/api.w.org\/{rel}","templated":true}]}}